{"id":22,"date":"2021-09-29T14:40:54","date_gmt":"2021-09-29T14:40:54","guid":{"rendered":"https:\/\/sophie-hamelin-protheses-capillaires.com\/?page_id=22"},"modified":"2021-11-03T09:46:50","modified_gmt":"2021-11-03T09:46:50","slug":"maquillage-et-soin-du-corps-sophie-hamelin","status":"publish","type":"page","link":"https:\/\/sophie-hamelin-protheses-capillaires.com\/index.php\/maquillage-et-soin-du-corps-sophie-hamelin\/","title":{"rendered":"Maquillage et soin du corps"},"content":{"rendered":"\t\t<div data-elementor-type=\"wp-page\" data-elementor-id=\"22\" class=\"elementor elementor-22\" data-elementor-post-type=\"page\">\n\t\t\t\t\t\t<section class=\"elementor-section elementor-top-section elementor-element elementor-element-3142525b elementor-section-height-min-height elementor-section-boxed elementor-section-height-default elementor-section-items-middle\" data-id=\"3142525b\" data-element_type=\"section\" data-settings=\"{&quot;background_background&quot;:&quot;classic&quot;}\">\n\t\t\t\t\t\t\t<div class=\"elementor-background-overlay\"><\/div>\n\t\t\t\t\t\t\t<div class=\"elementor-container elementor-column-gap-default\">\n\t\t\t\t\t<div class=\"elementor-column elementor-col-100 elementor-top-column elementor-element elementor-element-7ef4e3b2\" data-id=\"7ef4e3b2\" data-element_type=\"column\">\n\t\t\t<div class=\"elementor-widget-wrap elementor-element-populated\">\n\t\t\t\t\t\t<div class=\"elementor-element elementor-element-51401852 elementor--h-position-center elementor--v-position-middle elementor-arrows-position-inside elementor-pagination-position-inside elementor-widget elementor-widget-slides\" data-id=\"51401852\" data-element_type=\"widget\" data-settings=\"{&quot;navigation&quot;:&quot;both&quot;,&quot;autoplay&quot;:&quot;yes&quot;,&quot;pause_on_hover&quot;:&quot;yes&quot;,&quot;pause_on_interaction&quot;:&quot;yes&quot;,&quot;autoplay_speed&quot;:5000,&quot;infinite&quot;:&quot;yes&quot;,&quot;transition&quot;:&quot;slide&quot;,&quot;transition_speed&quot;:500}\" data-widget_type=\"slides.default\">\n\t\t\t\t<div class=\"elementor-widget-container\">\n\t\t\t\t\t\t\t\t\t<div class=\"elementor-swiper\">\n\t\t\t\t\t<div class=\"elementor-slides-wrapper elementor-main-swiper swiper\" role=\"region\" aria-roledescription=\"carousel\" aria-label=\"Diapositives\" dir=\"ltr\" data-animation=\"fadeInUp\">\n\t\t\t\t<div class=\"swiper-wrapper elementor-slides\">\n\t\t\t\t\t\t\t\t\t\t<div class=\"elementor-repeater-item-f45b73e swiper-slide\" role=\"group\" aria-roledescription=\"slide\"><div class=\"swiper-slide-bg\" role=\"img\"><\/div><div class=\"swiper-slide-inner\" ><div class=\"swiper-slide-contents\"><\/div><\/div><\/div><div class=\"elementor-repeater-item-ba38d98 swiper-slide\" role=\"group\" aria-roledescription=\"slide\"><div class=\"swiper-slide-bg\" role=\"img\"><\/div><div class=\"swiper-slide-inner\" ><div class=\"swiper-slide-contents\"><\/div><\/div><\/div><div class=\"elementor-repeater-item-2c20ce7 swiper-slide\" role=\"group\" aria-roledescription=\"slide\"><div class=\"swiper-slide-bg\" role=\"img\"><\/div><div class=\"swiper-slide-inner\" ><div class=\"swiper-slide-contents\"><\/div><\/div><\/div><div class=\"elementor-repeater-item-d892266 swiper-slide\" role=\"group\" aria-roledescription=\"slide\"><div class=\"swiper-slide-bg\" role=\"img\"><\/div><div class=\"swiper-slide-inner\" ><div class=\"swiper-slide-contents\"><\/div><\/div><\/div>\t\t\t\t<\/div>\n\t\t\t\t\t\t\t\t\t\t\t\t\t\t\t<div class=\"elementor-swiper-button elementor-swiper-button-prev\" role=\"button\" tabindex=\"0\" aria-label=\"Diapositive pr\u00e9c\u00e9dente\">\n\t\t\t\t\t\t\t<i aria-hidden=\"true\" class=\"eicon-chevron-left\"><\/i>\t\t\t\t\t\t<\/div>\n\t\t\t\t\t\t<div class=\"elementor-swiper-button elementor-swiper-button-next\" role=\"button\" tabindex=\"0\" aria-label=\"Diapositive suivante\">\n\t\t\t\t\t\t\t<i aria-hidden=\"true\" class=\"eicon-chevron-right\"><\/i>\t\t\t\t\t\t<\/div>\n\t\t\t\t\t\t\t\t\t\t\t\t\t\t\t\t<div class=\"swiper-pagination\"><\/div>\n\t\t\t\t\t\t\t\t\t\t\t\t<\/div>\n\t\t\t\t<\/div>\n\t\t\t\t\t\t\t\t<\/div>\n\t\t\t\t<\/div>\n\t\t\t\t\t<\/div>\n\t\t<\/div>\n\t\t\t\t\t<\/div>\n\t\t<\/section>\n\t\t\t\t<section class=\"elementor-section elementor-top-section elementor-element elementor-element-32646570 elementor-section-boxed elementor-section-height-default elementor-section-height-default\" data-id=\"32646570\" data-element_type=\"section\">\n\t\t\t\t\t\t<div class=\"elementor-container elementor-column-gap-default\">\n\t\t\t\t\t<div class=\"elementor-column elementor-col-100 elementor-top-column elementor-element elementor-element-12b8c7e5\" data-id=\"12b8c7e5\" data-element_type=\"column\">\n\t\t\t<div class=\"elementor-widget-wrap elementor-element-populated\">\n\t\t\t\t\t\t<div class=\"elementor-element elementor-element-74276e7e elementor-widget elementor-widget-heading\" data-id=\"74276e7e\" data-element_type=\"widget\" data-widget_type=\"heading.default\">\n\t\t\t\t<div class=\"elementor-widget-container\">\n\t\t\t\t\t<h2 class=\"elementor-heading-title elementor-size-default\">La dermo-cosm\u00e9tique d'origine naturelle d\u00e9velopp\u00e9e pour les personnes sous traitements<\/h2>\t\t\t\t<\/div>\n\t\t\t\t<\/div>\n\t\t\t\t\t<\/div>\n\t\t<\/div>\n\t\t\t\t\t<\/div>\n\t\t<\/section>\n\t\t\t\t<section class=\"elementor-section elementor-top-section elementor-element elementor-element-3ea27db2 elementor-section-boxed elementor-section-height-default elementor-section-height-default\" data-id=\"3ea27db2\" data-element_type=\"section\">\n\t\t\t\t\t\t<div class=\"elementor-container elementor-column-gap-default\">\n\t\t\t\t\t<div class=\"elementor-column elementor-col-25 elementor-top-column elementor-element elementor-element-2777a1f3\" data-id=\"2777a1f3\" data-element_type=\"column\">\n\t\t\t<div class=\"elementor-widget-wrap\">\n\t\t\t\t\t\t\t<\/div>\n\t\t<\/div>\n\t\t\t\t<div class=\"elementor-column elementor-col-50 elementor-top-column elementor-element elementor-element-6d5d8cf6\" data-id=\"6d5d8cf6\" data-element_type=\"column\">\n\t\t\t<div class=\"elementor-widget-wrap elementor-element-populated\">\n\t\t\t\t\t\t<div class=\"elementor-element elementor-element-71d07acb elementor-widget elementor-widget-text-editor\" data-id=\"71d07acb\" data-element_type=\"widget\" data-widget_type=\"text-editor.default\">\n\t\t\t\t<div class=\"elementor-widget-container\">\n\t\t\t\t\t\t\t\t\t<h5>Des produits formul\u00e9s pour \u00eatre compatibles avec les traitements<\/h5><p>Pendant les phases de traitements contre le cancer, la peau des patients se fragilise et n\u00e9cessite des pr\u00e9cautions particuli\u00e8res, plus exigeantes que pour des peaux normales. C\u2019est pourquoi M\u00eame cosm\u00e9tiques ont \u00e9cart\u00e9 de leurs formules tous les ingr\u00e9dients incompatibles avec les traitements anticanc\u00e9reux, comme les huiles essentielles et tous les ingr\u00e9dients pouvant \u00eatre sensibilisants ou allerg\u00e8nes, ainsi que tous les ingr\u00e9dients ayant \u00e9t\u00e9 associ\u00e9s au cancer ou \u00e0 de suppos\u00e9es perturbations hormonales, en tenant compte de la veille scientifique, mais \u00e9galement de vos inqui\u00e9tudes.<\/p><h5>Des ingr\u00e9dients s\u00e9lectionn\u00e9s avec soin pour un maximum de naturalit\u00e9 et de s\u00e9curit\u00e9<\/h5><p>Parce que votre peau fragilis\u00e9e m\u00e9rite ce que la nature fait de mieux et que les produits se doivent d\u2019\u00eatre dignes de votre confiance, M\u00eame cosm\u00e9tiques privil\u00e9gient toujours les actifs d\u2019origine naturelle et\u00a0 s\u00e9lectionnent avec pr\u00e9caution les conservateurs ainsi que l&rsquo;ensemble des ingr\u00e9dients. Leur objectif : obtenir pour vous le meilleur \u00e9quilibre entre naturalit\u00e9, s\u00e9curit\u00e9 et efficacit\u00e9.<\/p><h5>Des formules test\u00e9es rigoureusement pour vous garantir tol\u00e9rance et efficacit\u00e9<\/h5><p>Avant d\u2019arriver dans votre salle de bain, les produits M\u00eame cosm\u00e9tiques suivent un long protocole de validation tr\u00e8s strict. Au-del\u00e0 des tests et de l\u2019\u00e9valuation par un expert toxicologue, obligatoires \u00e0 la mise sur le march\u00e9 de tout produit cosm\u00e9tique en Europe, M\u00eame Cosm\u00e9tiques s&rsquo;assurent de l\u2019efficacit\u00e9 et de la s\u00e9curit\u00e9 de leurs formules sur vos peaux particuli\u00e8rement fragilis\u00e9es en les soumettant \u00e0 des essais et \u00e9tudes sp\u00e9cifiques, aupr\u00e8s de patients sous traitements anticanc\u00e9reux et\/ou sur des peaux sensibles et atopiques, donc tr\u00e8s r\u00e9actives.<\/p>\t\t\t\t\t\t\t\t<\/div>\n\t\t\t\t<\/div>\n\t\t\t\t\t<\/div>\n\t\t<\/div>\n\t\t\t\t<div class=\"elementor-column elementor-col-25 elementor-top-column elementor-element elementor-element-35b8c43a\" data-id=\"35b8c43a\" data-element_type=\"column\">\n\t\t\t<div class=\"elementor-widget-wrap\">\n\t\t\t\t\t\t\t<\/div>\n\t\t<\/div>\n\t\t\t\t\t<\/div>\n\t\t<\/section>\n\t\t\t\t<section class=\"elementor-section elementor-top-section elementor-element elementor-element-0481750 elementor-section-boxed elementor-section-height-default elementor-section-height-default\" data-id=\"0481750\" data-element_type=\"section\">\n\t\t\t\t\t\t<div class=\"elementor-container elementor-column-gap-default\">\n\t\t\t\t\t<div class=\"elementor-column elementor-col-100 elementor-top-column elementor-element elementor-element-3dfd63a\" data-id=\"3dfd63a\" data-element_type=\"column\">\n\t\t\t<div class=\"elementor-widget-wrap elementor-element-populated\">\n\t\t\t\t\t\t<div class=\"elementor-element elementor-element-e92d0da elementor-widget elementor-widget-video\" data-id=\"e92d0da\" data-element_type=\"widget\" data-settings=\"{&quot;youtube_url&quot;:&quot;https:\\\/\\\/youtu.be\\\/tsU8_ra0VMc&quot;,&quot;video_type&quot;:&quot;youtube&quot;,&quot;controls&quot;:&quot;yes&quot;}\" data-widget_type=\"video.default\">\n\t\t\t\t<div class=\"elementor-widget-container\">\n\t\t\t\t\t\t\t<div class=\"elementor-wrapper elementor-open-inline\">\n\t\t\t<div class=\"elementor-video\"><\/div>\t\t<\/div>\n\t\t\t\t\t\t<\/div>\n\t\t\t\t<\/div>\n\t\t\t\t\t<\/div>\n\t\t<\/div>\n\t\t\t\t\t<\/div>\n\t\t<\/section>\n\t\t\t\t<\/div>\n\t\t","protected":false},"excerpt":{"rendered":"<p>Previous Next La dermo-cosm\u00e9tique d&rsquo;origine naturelle d\u00e9velopp\u00e9e pour les personnes sous traitements Des produits formul\u00e9s pour \u00eatre compatibles avec les traitements Pendant les phases de traitements contre le cancer, la peau des patients se fragilise et n\u00e9cessite des pr\u00e9cautions particuli\u00e8res, plus exigeantes que pour des peaux normales. C\u2019est pourquoi M\u00eame cosm\u00e9tiques ont \u00e9cart\u00e9 de leurs [&hellip;]<\/p>\n","protected":false},"author":1,"featured_media":12,"parent":0,"menu_order":0,"comment_status":"closed","ping_status":"closed","template":"elementor_header_footer","meta":{"footnotes":""},"class_list":["post-22","page","type-page","status-publish","has-post-thumbnail","hentry"],"_links":{"self":[{"href":"https:\/\/sophie-hamelin-protheses-capillaires.com\/index.php\/wp-json\/wp\/v2\/pages\/22","targetHints":{"allow":["GET"]}}],"collection":[{"href":"https:\/\/sophie-hamelin-protheses-capillaires.com\/index.php\/wp-json\/wp\/v2\/pages"}],"about":[{"href":"https:\/\/sophie-hamelin-protheses-capillaires.com\/index.php\/wp-json\/wp\/v2\/types\/page"}],"author":[{"embeddable":true,"href":"https:\/\/sophie-hamelin-protheses-capillaires.com\/index.php\/wp-json\/wp\/v2\/users\/1"}],"replies":[{"embeddable":true,"href":"https:\/\/sophie-hamelin-protheses-capillaires.com\/index.php\/wp-json\/wp\/v2\/comments?post=22"}],"version-history":[{"count":16,"href":"https:\/\/sophie-hamelin-protheses-capillaires.com\/index.php\/wp-json\/wp\/v2\/pages\/22\/revisions"}],"predecessor-version":[{"id":365,"href":"https:\/\/sophie-hamelin-protheses-capillaires.com\/index.php\/wp-json\/wp\/v2\/pages\/22\/revisions\/365"}],"wp:featuredmedia":[{"embeddable":true,"href":"https:\/\/sophie-hamelin-protheses-capillaires.com\/index.php\/wp-json\/wp\/v2\/media\/12"}],"wp:attachment":[{"href":"https:\/\/sophie-hamelin-protheses-capillaires.com\/index.php\/wp-json\/wp\/v2\/media?parent=22"}],"curies":[{"name":"wp","href":"https:\/\/api.w.org\/{rel}","templated":true}]}}